{"id":27,"date":"2018-06-01T10:43:14","date_gmt":"2018-06-01T08:43:14","guid":{"rendered":"http:\/\/signal-fc.ch\/?page_id=27"},"modified":"2026-04-27T10:01:42","modified_gmt":"2026-04-27T08:01:42","slug":"accueil","status":"publish","type":"page","link":"https:\/\/signal-fc.ch\/","title":{"rendered":"ACCUEIL"},"content":{"rendered":"\n\n\t\t<h2>\n\t\t\tactualit\u00e9s\n\t\t<\/h2>\n<form data-sf-form-id='33020' data-is-rtl='0' data-maintain-state='' data-results-url='https:\/\/signal-fc.ch\/' data-ajax-url='https:\/\/signal-fc.ch\/?sf_data=results' data-ajax-form-url='https:\/\/signal-fc.ch\/?sfid=33020&amp;sf_action=get_data&amp;sf_data=form' data-display-result-method='bb_posts_module' data-use-history-api='1' data-template-loaded='0' data-lang-code='fr' data-ajax='1' data-ajax-data-type='html' data-ajax-links-selector='.page-numbers a' data-ajax-target='.search-filter-results-33020' data-ajax-pagination-type='normal' data-update-ajax-url='1' data-only-results-ajax='1' data-scroll-to-pos='0' data-init-paged='1' data-auto-update='1' action='https:\/\/signal-fc.ch\/' method='post' class='searchandfilter' id='search-filter-form-33020' autocomplete='off' data-instance-count='1'><ul><li data-sf-field-name=\"_sft_category\" data-sf-field-type=\"category\" data-sf-field-input-type=\"select\">\t\t<label>\n\t\t\t\t   \t\t<select name=\"_sft_category[]\" title=\"\">\n\t\t\t\t\t\t  \t\t\t<option selected=\"selected\" data-sf-count=\"0\" data-sf-depth=\"0\" value=\"\">Cat\u00e9gories<\/option>\n\t\t\t\t\t\t\t\t\t\t\t<option data-sf-count=\"15\" data-sf-depth=\"0\" value=\"actualite-de-lequipe-junior-d2\">Actualit\u00e9 de l&#039;\u00e9quipe Junior D2<\/option>\n\t\t\t\t\t\t\t\t\t\t\t<option data-sf-count=\"5\" data-sf-depth=\"0\" value=\"actualite-de-lequipe-junior-d4\">Actualit\u00e9 de l&#039;\u00e9quipe Junior D4<\/option>\n\t\t\t\t\t\t\t\t\t\t\t<option data-sf-count=\"263\" data-sf-depth=\"0\" value=\"actualites\">Actualit\u00e9s<\/option>\n\t\t\t\t\t\t\t\t\t\t\t<option data-sf-count=\"129\" data-sf-depth=\"0\" value=\"actualites-1er-equipe\">Actualit\u00e9s 1er Equipe<\/option>\n\t\t\t\t\t\t\t\t\t\t\t<option data-sf-count=\"17\" data-sf-depth=\"0\" value=\"actualites-1er-equipe-feminines\">Actualit\u00e9s 1er Equipe Feminines<\/option>\n\t\t\t\t\t\t\t\t\t\t\t<option data-sf-count=\"35\" data-sf-depth=\"0\" value=\"actualites-2eme-equipe\">Actualit\u00e9s 2\u00e8me Equipe<\/option>\n\t\t\t\t\t\t\t\t\t\t\t<option data-sf-count=\"1\" data-sf-depth=\"0\" value=\"actualites-3eme-equipe\">Actualit\u00e9s 3\u00e8me Equipe<\/option>\n\t\t\t\t\t\t\t\t\t\t\t<option data-sf-count=\"9\" data-sf-depth=\"0\" value=\"coca-cola-junior-league-c\">Actualit\u00e9s Coca-Cola Junior League C<\/option>\n\t\t\t\t\t\t\t\t\t\t\t<option data-sf-count=\"77\" data-sf-depth=\"0\" value=\"actualites-de-lecole-de-foot\">Actualit\u00e9s de l&#039;Ecole de Foot<\/option>\n\t\t\t\t\t\t\t\t\t\t\t<option data-sf-count=\"6\" data-sf-depth=\"0\" value=\"actualites-de-lequipe-2eme-ligue-filles\">Actualit\u00e9s de l&#039;\u00e9quipe 2\u00e8me Ligue Filles<\/option>\n\t\t\t\t\t\t\t\t\t\t\t<option data-sf-count=\"3\" data-sf-depth=\"0\" value=\"actualites-de-lequipe-3eme-ligue-filles\">Actualit\u00e9s de l&#039;\u00e9quipe 3\u00e8me Ligue Filles<\/option>\n\t\t\t\t\t\t\t\t\t\t\t<option data-sf-count=\"12\" data-sf-depth=\"0\" value=\"actualites-de-lequipe-c-inter\">Actualit\u00e9s de l&#039;\u00e9quipe C inter.<\/option>\n\t\t\t\t\t\t\t\t\t\t\t<option data-sf-count=\"1\" data-sf-depth=\"0\" value=\"actualites-de-lequipe-c4\">Actualit\u00e9s de l&#039;\u00e9quipe C4<\/option>\n\t\t\t\t\t\t\t\t\t\t\t<option data-sf-count=\"1\" data-sf-depth=\"0\" value=\"actualites-de-lequipe-f\">Actualit\u00e9s de l&#039;\u00e9quipe F<\/option>\n\t\t\t\t\t\t\t\t\t\t\t<option data-sf-count=\"9\" data-sf-depth=\"0\" value=\"actualites-de-lequipe-ff15-feminines\">Actualit\u00e9s de l&#039;\u00e9quipe FF15 Feminines<\/option>\n\t\t\t\t\t\t\t\t\t\t\t<option data-sf-count=\"5\" data-sf-depth=\"0\" value=\"actualites-de-lequipe-juniorc3\">Actualit\u00e9s de l&#039;\u00e9quipe Junior C3<\/option>\n\t\t\t\t\t\t\t\t\t\t\t<option data-sf-count=\"9\" data-sf-depth=\"0\" value=\"actualites-de-lequipe-junior-d2\">Actualit\u00e9s de l&#039;\u00e9quipe junior D2<\/option>\n\t\t\t\t\t\t\t\t\t\t\t<option data-sf-count=\"32\" data-sf-depth=\"0\" value=\"actualites-de-lequipe-juniors-a-inter\">Actualit\u00e9s de l&#039;\u00e9quipe Juniors A inter.<\/option>\n\t\t\t\t\t\t\t\t\t\t\t<option data-sf-count=\"2\" data-sf-depth=\"0\" value=\"actualites-de-lequipe-juniors-a-b-filles\">Actualit\u00e9s de l&#039;\u00e9quipe Juniors A\/B Filles<\/option>\n\t\t\t\t\t\t\t\t\t\t\t<option data-sf-count=\"28\" data-sf-depth=\"0\" value=\"actualites-de-lequipe-juniors-b1\">Actualit\u00e9s de l&#039;\u00e9quipe Juniors B1<\/option>\n\t\t\t\t\t\t\t\t\t\t\t<option data-sf-count=\"6\" data-sf-depth=\"0\" value=\"actualites-de-lequipe-juniors-b2\">Actualit\u00e9s de l&#039;\u00e9quipe Juniors B2<\/option>\n\t\t\t\t\t\t\t\t\t\t\t<option data-sf-count=\"3\" data-sf-depth=\"0\" value=\"actualites-de-lequipe-juniors-c-ligue-filles\">Actualit\u00e9s de l&#039;\u00e9quipe Juniors C Ligue Filles<\/option>\n\t\t\t\t\t\t\t\t\t\t\t<option data-sf-count=\"15\" data-sf-depth=\"0\" value=\"actualites-de-lequipe-juniors-c1\">Actualit\u00e9s de l&#039;\u00e9quipe Juniors C1<\/option>\n\t\t\t\t\t\t\t\t\t\t\t<option data-sf-count=\"11\" data-sf-depth=\"0\" value=\"actualites-de-lequipe-juniors-c2\">Actualit\u00e9s de l&#039;\u00e9quipe Juniors C2<\/option>\n\t\t\t\t\t\t\t\t\t\t\t<option data-sf-count=\"1\" data-sf-depth=\"0\" value=\"actualites-de-lequipe-juniors-d11-promotion\">Actualit\u00e9s de l&#039;\u00e9quipe juniors D11 promotion<\/option>\n\t\t\t\t\t\t\t\t\t\t\t<option data-sf-count=\"10\" data-sf-depth=\"0\" value=\"actualites-de-lequipe-juniors-d3\">Actualit\u00e9s de l&#039;\u00e9quipe Juniors D3<\/option>\n\t\t\t\t\t\t\t\t\t\t\t<option data-sf-count=\"18\" data-sf-depth=\"0\" value=\"actualites-de-lequipe-juniors-e1\">Actualit\u00e9s de l&#039;\u00e9quipe Juniors E1<\/option>\n\t\t\t\t\t\t\t\t\t\t\t<option data-sf-count=\"6\" data-sf-depth=\"0\" value=\"actualites-de-lequipe-juniors-e2\">Actualit\u00e9s de l&#039;\u00e9quipe Juniors E2<\/option>\n\t\t\t\t\t\t\t\t\t\t\t<option data-sf-count=\"9\" data-sf-depth=\"0\" value=\"actualites-de-lequipe-juniors-e3\">Actualit\u00e9s de l&#039;\u00e9quipe Juniors E3<\/option>\n\t\t\t\t\t\t\t\t\t\t\t<option data-sf-count=\"8\" data-sf-depth=\"0\" value=\"actualites-de-lequipe-juniors-e4\">Actualit\u00e9s de l&#039;\u00e9quipe Juniors E4<\/option>\n\t\t\t\t\t\t\t\t\t\t\t<option data-sf-count=\"26\" data-sf-depth=\"0\" value=\"actualites-de-lequipe-juniors-e5\">Actualit\u00e9s de l&#039;\u00e9quipe Juniors E5<\/option>\n\t\t\t\t\t\t\t\t\t\t\t<option data-sf-count=\"1\" data-sf-depth=\"0\" value=\"actualites-de-lequipe-seniors\">Actualit\u00e9s de l&#039;\u00e9quipe Seniors<\/option>\n\t\t\t\t\t\t\t\t\t\t\t<option data-sf-count=\"10\" data-sf-depth=\"0\" value=\"actualites-de-lequipe-juniors-a1\">Actualit\u00e9s de l&rsquo;\u00e9quipe Juniors A1<\/option>\n\t\t\t\t\t\t\t\t\t\t\t<option data-sf-count=\"6\" data-sf-depth=\"0\" value=\"actualites-de-lequipe-juniors-a2-2\">Actualit\u00e9s de l&rsquo;\u00e9quipe Juniors A2<\/option>\n\t\t\t\t\t\t\t\t\t\t\t<option data-sf-count=\"5\" data-sf-depth=\"0\" value=\"actualites-veterans-30\">Actualit\u00e9s V\u00e9t\u00e9rans +30<\/option>\n\t\t\t\t\t\t\t\t\t\t\t<option data-sf-count=\"5\" data-sf-depth=\"0\" value=\"actualites-veterans-40\">Actualit\u00e9s V\u00e9t\u00e9rans +40<\/option>\n\t\t\t\t\t\t\t\t\t\t\t<option data-sf-count=\"1\" data-sf-depth=\"0\" value=\"ctualites-de-lequipe-juniors-e6\">Ctualit\u00e9s de l&#039;\u00e9quipe juniors E6<\/option>\n\t\t\t\t\t\t\t\t\t\t\t<option data-sf-count=\"2\" data-sf-depth=\"0\" value=\"new\">NEW<\/option>\n\t\t\t\t\t\t\t\t\t\t\t<option data-sf-count=\"13\" data-sf-depth=\"0\" value=\"non-classe\">Non class\u00e9<\/option>\n\t\t\t\t\t\t\t\t\t\t\t<option data-sf-count=\"29\" data-sf-depth=\"0\" value=\"photos-1er-equipe\">Photos 1er Equipe<\/option>\n\t\t\t\t\t\t\t\t\t\t\t<\/select><\/label>\t\t\t\t\t\t\t\t\t\t<\/li><li data-sf-field-name=\"search\" data-sf-field-type=\"search\" data-sf-field-input-type=\"\">\t\t<label>\n\t\t\t\t   <input placeholder=\"Recherche\" name=\"_sf_search[]\" type=\"text\" value=\"\" title=\"\"\/><\/label>\t\t<\/li><\/ul><\/form>\n\t\t<h2>\n\t\t\tMATCH\n\t\t<\/h2>\n\t\t<h2>\n\t\t\tPROCHAIN MATCH\n\t\t<\/h2>\n\t\t\t<h3><strong>Championnat 2e ligue interr\u00e9gionale \/ Groupe 1<\/strong><\/h3><p><strong>samedi 2 mai 2026 &#8211; 17h00<\/strong><strong>Stade municipal de Bernex, Bernex &#8211; Terrain principal A (Gazon naturel)<\/strong><a href=\"https:\/\/matchcenter.al-la.ch\/default.aspx?oid=4&amp;lng=2&amp;ln=&amp;v=0&amp;tg=4149280\" target=\"_blank\" rel=\"noopener\"><strong>En savoir plus<\/strong><\/a><\/p>\t\t\n\t\t\t\t<img decoding=\"async\" src=\"https:\/\/signal-fc.ch\/wp-content\/uploads\/2020\/06\/LOGO-SIGNAL-PETIT.jpg\" alt=\"LOGO SIGNAL PETIT\" title=\"LOGO SIGNAL PETIT\" itemprop=\"image\"\/>\n\t\t<h5>Signal FC Bernex-Confignon<\/h5>\t\t\t\n\t\t\t\t<img decoding=\"async\" src=\"https:\/\/signal-fc.ch\/wp-content\/uploads\/2022\/09\/FC-Collex-Bossy.gif\" alt=\"FC Collex-Bossy\" title=\"FC Collex-Bossy\" itemprop=\"image\"\/>\n\t\t<h3>FC Collex-Bossy<\/h3>\t\t\t\n\t\t<h2>\n\t\t\tDERNIER MATCH\n\t\t<\/h2>\n\t\t\t<h3><strong>Championnat 2e ligue interr\u00e9gionale \/ Groupe 1<\/strong><\/h3>\n<p><strong>vendredi 24 avril 2026 &#8211; 20h45<\/strong><\/p>\n<p><strong>Centre sportif+ Stade de la Tuili\u00e8re, Lausanne &#8211; Terrains de Football Nr 1<\/strong><\/p>\n<p><a href=\"https:\/\/matchcenter.al-la.ch\/default.aspx?oid=4&amp;lng=2&amp;ln=&amp;v=0&amp;tg=4149276\" target=\"_blank\" rel=\"noopener\"><strong>En savoir plus<\/strong><\/a><\/p>\n\t\t\t\t<img decoding=\"async\" src=\"https:\/\/signal-fc.ch\/wp-content\/uploads\/2020\/06\/LOGO-SIGNAL-PETIT.jpg\" alt=\"LOGO SIGNAL PETIT\" title=\"LOGO SIGNAL PETIT\" itemprop=\"image\"\/>\n\t\t<h3>Signal FC Bernex-Confignon<\/h3>\t\t\t\n\t\t\t\t<p>1<\/p>\n\t\t\t\t<img decoding=\"async\" src=\"https:\/\/signal-fc.ch\/wp-content\/uploads\/2022\/04\/logo-FC-Concordia-LS-I.gif\" alt=\"logo FC Concordia LS I\" title=\"logo FC Concordia LS I\" itemprop=\"image\"\/>\n\t\t<h3>FC Concordia LS I<\/h3>\t\t\t\n\t\t\t\t<p>1<\/p>\n\tPour le calendrier complet des matchs de l&rsquo;ensemble de nos \u00e9quipes,<br \/>\ncliquez ci-dessous \u2193\n\t\t\t<a href=\"https:\/\/matchcenter.acgf.ch\/default.aspx?lng=2&#038;&#038;cxxlnus=1&#038;v=825&#038;bn=0\"  target=\"_blank\" rel=\"noopener\"    rel=\"noopener\">\n\t\t\t\t\t\t\tCalendrier complet\n\t\t\t<\/a>\n\t\t<h2>\n\t\t\tSOUTENIR LE SIGNAL FC\n\t\t<\/h2>\n\t<p>Notre club vit gr\u00e2ce \u00e0 l&rsquo;engagement de ses b\u00e9n\u00e9voles, \u00e0 l&rsquo;enthousiasme de ses joueurs&#8230; <strong>et au soutien pr\u00e9cieux de celles et ceux qui croient en notre projet.<\/strong><\/p>\n\t<p><strong>En faisant un don, vous contribuez directement :<\/strong><\/p>\n\t<ul>\n\t\t\t<li>\n\t\t\t\t\u00e0 l&rsquo;encadrement et \u00e0 la formation des enfants\n\t\t\t<\/li>\n\t\t\t<li>\n\t\t\t\tau perfectionnement des entra\u00eeneurs\n\t\t\t<\/li>\n\t\t\t<li>\n\t\t\t\t\u00e0 l&rsquo;achat de mat\u00e9riel et d&rsquo;\u00e9quipement sportif\n\t\t\t<\/li>\n\t\t\t<li>\n\t\t\t\t\u00e0 l&rsquo;organisation d&rsquo;\u00e9v\u00e8nements\n\t\t\t<\/li>\n\t\t\t<li>\n\t\t\t\tau d\u00e9veloppement de l&rsquo;\u00e9cole de foot\n\t\t\t<\/li>\n\t\t<\/ul>\n\t<p>Chaque contribution, petite ou grande, fait la diff\u00e9rence et permet \u00e0 nos jeunes de pratiquer leur sport favori dans les meilleures conditions.<\/p>\n\t<strong>Scannez le code QR ci-dessous<br \/>\npour nous soutenir\u00a0:<\/strong>\n<figure itemscope itemtype=\"https:\/\/schema.org\/ImageObject\">\n\t\t\t\t<img decoding=\"async\" src=\"https:\/\/signal-fc.ch\/wp-content\/uploads\/2026\/02\/signal_qr.png\" alt=\"signal_qr\" height=\"438\" width=\"424\" title=\"signal_qr\" onerror=\"this.style.display='none'\" loading=\"lazy\" \/>\n\t<\/figure>\n\t\t<h2>\n\t\t\tNOS EQUIPES\n\t\t<\/h2>\n\n","protected":false},"excerpt":{"rendered":"<p>actualit\u00e9s Cat\u00e9goriesActualit\u00e9 de l&#039;\u00e9quipe Junior D2Actualit\u00e9 de l&#039;\u00e9quipe Junior D4Actualit\u00e9sActualit\u00e9s 1er EquipeActualit\u00e9s 1er Equipe FemininesActualit\u00e9s 2\u00e8me EquipeActualit\u00e9s 3\u00e8me EquipeActualit\u00e9s Coca-Cola Junior League CActualit\u00e9s de l&#039;Ecole de FootActualit\u00e9s de l&#039;\u00e9quipe 2\u00e8me Ligue FillesActualit\u00e9s de l&#039;\u00e9quipe 3\u00e8me Ligue FillesActualit\u00e9s de l&#039;\u00e9quipe C inter.Actualit\u00e9s de l&#039;\u00e9quipe C4Actualit\u00e9s de l&#039;\u00e9quipe FActualit\u00e9s de l&#039;\u00e9quipe FF15 FemininesActualit\u00e9s de l&#039;\u00e9quipe Junior C3Actualit\u00e9s&hellip;<\/p>\n","protected":false},"author":1,"featured_media":12655,"parent":0,"menu_order":0,"comment_status":"closed","ping_status":"closed","template":"","meta":{"footnotes":""},"class_list":["post-27","page","type-page","status-publish","has-post-thumbnail","hentry"],"yoast_head":"<!-- This site is optimized with the Yoast SEO plugin v27.2 - https:\/\/yoast.com\/product\/yoast-seo-wordpress\/ -->\n<title>ACCUEIL - Signal FC \u00c9cole de Foot \u00e0 Bernex<\/title>\n<meta name=\"robots\" content=\"index, follow, max-snippet:-1, max-image-preview:large, max-video-preview:-1\" \/>\n<link rel=\"canonical\" href=\"https:\/\/signal-fc.ch\/\" \/>\n<meta property=\"og:locale\" content=\"fr_FR\" \/>\n<meta property=\"og:type\" content=\"article\" \/>\n<meta property=\"og:title\" content=\"ACCUEIL - Signal FC \u00c9cole de Foot \u00e0 Bernex\" \/>\n<meta property=\"og:description\" content=\"actualit\u00e9s Cat\u00e9goriesActualit\u00e9 de l&#039;\u00e9quipe Junior D2Actualit\u00e9 de l&#039;\u00e9quipe Junior D4Actualit\u00e9sActualit\u00e9s 1er EquipeActualit\u00e9s 1er Equipe FemininesActualit\u00e9s 2\u00e8me EquipeActualit\u00e9s 3\u00e8me EquipeActualit\u00e9s Coca-Cola Junior League CActualit\u00e9s de l&#039;Ecole de FootActualit\u00e9s de l&#039;\u00e9quipe 2\u00e8me Ligue FillesActualit\u00e9s de l&#039;\u00e9quipe 3\u00e8me Ligue FillesActualit\u00e9s de l&#039;\u00e9quipe C inter.Actualit\u00e9s de l&#039;\u00e9quipe C4Actualit\u00e9s de l&#039;\u00e9quipe FActualit\u00e9s de l&#039;\u00e9quipe FF15 FemininesActualit\u00e9s de l&#039;\u00e9quipe Junior C3Actualit\u00e9s&hellip;\" \/>\n<meta property=\"og:url\" content=\"https:\/\/signal-fc.ch\/\" \/>\n<meta property=\"og:site_name\" content=\"Signal FC\" \/>\n<meta property=\"article:publisher\" content=\"https:\/\/www.facebook.com\/signalfc.ch\" \/>\n<meta property=\"article:modified_time\" content=\"2026-04-27T08:01:42+00:00\" \/>\n<meta property=\"og:image\" content=\"https:\/\/signal-fc.ch\/wp-content\/uploads\/2019\/08\/logo-par-defaut.png\" \/>\n\t<meta property=\"og:image:width\" content=\"600\" \/>\n\t<meta property=\"og:image:height\" content=\"400\" \/>\n\t<meta property=\"og:image:type\" content=\"image\/png\" \/>\n<meta name=\"twitter:card\" content=\"summary_large_image\" \/>\n<meta name=\"twitter:label1\" content=\"Dur\u00e9e de lecture estim\u00e9e\" \/>\n\t<meta name=\"twitter:data1\" content=\"9 minutes\" \/>\n<script type=\"application\/ld+json\" class=\"yoast-schema-graph\">{\"@context\":\"https:\/\/schema.org\",\"@graph\":[{\"@type\":\"WebPage\",\"@id\":\"https:\/\/signal-fc.ch\/\",\"url\":\"https:\/\/signal-fc.ch\/\",\"name\":\"ACCUEIL - Signal FC \u00c9cole de Foot \u00e0 Bernex\",\"isPartOf\":{\"@id\":\"https:\/\/signal-fc.ch\/#website\"},\"primaryImageOfPage\":{\"@id\":\"https:\/\/signal-fc.ch\/#primaryimage\"},\"image\":{\"@id\":\"https:\/\/signal-fc.ch\/#primaryimage\"},\"thumbnailUrl\":\"https:\/\/signal-fc.ch\/wp-content\/uploads\/2019\/08\/logo-par-defaut.png\",\"datePublished\":\"2018-06-01T08:43:14+00:00\",\"dateModified\":\"2026-04-27T08:01:42+00:00\",\"breadcrumb\":{\"@id\":\"https:\/\/signal-fc.ch\/#breadcrumb\"},\"inLanguage\":\"fr-FR\",\"potentialAction\":[{\"@type\":\"ReadAction\",\"target\":[\"https:\/\/signal-fc.ch\/\"]}]},{\"@type\":\"ImageObject\",\"inLanguage\":\"fr-FR\",\"@id\":\"https:\/\/signal-fc.ch\/#primaryimage\",\"url\":\"https:\/\/signal-fc.ch\/wp-content\/uploads\/2019\/08\/logo-par-defaut.png\",\"contentUrl\":\"https:\/\/signal-fc.ch\/wp-content\/uploads\/2019\/08\/logo-par-defaut.png\",\"width\":600,\"height\":400},{\"@type\":\"BreadcrumbList\",\"@id\":\"https:\/\/signal-fc.ch\/#breadcrumb\",\"itemListElement\":[{\"@type\":\"ListItem\",\"position\":1,\"name\":\"Accueil\",\"item\":\"https:\/\/signal-fc.ch\/\"},{\"@type\":\"ListItem\",\"position\":2,\"name\":\"ACCUEIL\"}]},{\"@type\":\"WebSite\",\"@id\":\"https:\/\/signal-fc.ch\/#website\",\"url\":\"https:\/\/signal-fc.ch\/\",\"name\":\"Signal FC Bernex-Confignon\",\"description\":\"\u00c9cole de Foot \u00e0 Bernex\",\"publisher\":{\"@id\":\"https:\/\/signal-fc.ch\/#organization\"},\"potentialAction\":[{\"@type\":\"SearchAction\",\"target\":{\"@type\":\"EntryPoint\",\"urlTemplate\":\"https:\/\/signal-fc.ch\/?s={search_term_string}\"},\"query-input\":{\"@type\":\"PropertyValueSpecification\",\"valueRequired\":true,\"valueName\":\"search_term_string\"}}],\"inLanguage\":\"fr-FR\"},{\"@type\":\"Organization\",\"@id\":\"https:\/\/signal-fc.ch\/#organization\",\"name\":\"Signal FC Bernex-Confignon\",\"url\":\"https:\/\/signal-fc.ch\/\",\"logo\":{\"@type\":\"ImageObject\",\"inLanguage\":\"fr-FR\",\"@id\":\"https:\/\/signal-fc.ch\/#\/schema\/logo\/image\/\",\"url\":\"https:\/\/signal-fc.ch\/wp-content\/uploads\/2018\/06\/cropped-signal-fc-logo_h.png\",\"contentUrl\":\"https:\/\/signal-fc.ch\/wp-content\/uploads\/2018\/06\/cropped-signal-fc-logo_h.png\",\"width\":512,\"height\":512,\"caption\":\"Signal FC Bernex-Confignon\"},\"image\":{\"@id\":\"https:\/\/signal-fc.ch\/#\/schema\/logo\/image\/\"},\"sameAs\":[\"https:\/\/www.facebook.com\/signalfc.ch\"]}]}<\/script>\n<!-- \/ Yoast SEO plugin. -->","yoast_head_json":{"title":"ACCUEIL - Signal FC \u00c9cole de Foot \u00e0 Bernex","robots":{"index":"index","follow":"follow","max-snippet":"max-snippet:-1","max-image-preview":"max-image-preview:large","max-video-preview":"max-video-preview:-1"},"canonical":"https:\/\/signal-fc.ch\/","og_locale":"fr_FR","og_type":"article","og_title":"ACCUEIL - Signal FC \u00c9cole de Foot \u00e0 Bernex","og_description":"actualit\u00e9s Cat\u00e9goriesActualit\u00e9 de l&#039;\u00e9quipe Junior D2Actualit\u00e9 de l&#039;\u00e9quipe Junior D4Actualit\u00e9sActualit\u00e9s 1er EquipeActualit\u00e9s 1er Equipe FemininesActualit\u00e9s 2\u00e8me EquipeActualit\u00e9s 3\u00e8me EquipeActualit\u00e9s Coca-Cola Junior League CActualit\u00e9s de l&#039;Ecole de FootActualit\u00e9s de l&#039;\u00e9quipe 2\u00e8me Ligue FillesActualit\u00e9s de l&#039;\u00e9quipe 3\u00e8me Ligue FillesActualit\u00e9s de l&#039;\u00e9quipe C inter.Actualit\u00e9s de l&#039;\u00e9quipe C4Actualit\u00e9s de l&#039;\u00e9quipe FActualit\u00e9s de l&#039;\u00e9quipe FF15 FemininesActualit\u00e9s de l&#039;\u00e9quipe Junior C3Actualit\u00e9s&hellip;","og_url":"https:\/\/signal-fc.ch\/","og_site_name":"Signal FC","article_publisher":"https:\/\/www.facebook.com\/signalfc.ch","article_modified_time":"2026-04-27T08:01:42+00:00","og_image":[{"width":600,"height":400,"url":"https:\/\/signal-fc.ch\/wp-content\/uploads\/2019\/08\/logo-par-defaut.png","type":"image\/png"}],"twitter_card":"summary_large_image","twitter_misc":{"Dur\u00e9e de lecture estim\u00e9e":"9 minutes"},"schema":{"@context":"https:\/\/schema.org","@graph":[{"@type":"WebPage","@id":"https:\/\/signal-fc.ch\/","url":"https:\/\/signal-fc.ch\/","name":"ACCUEIL - Signal FC \u00c9cole de Foot \u00e0 Bernex","isPartOf":{"@id":"https:\/\/signal-fc.ch\/#website"},"primaryImageOfPage":{"@id":"https:\/\/signal-fc.ch\/#primaryimage"},"image":{"@id":"https:\/\/signal-fc.ch\/#primaryimage"},"thumbnailUrl":"https:\/\/signal-fc.ch\/wp-content\/uploads\/2019\/08\/logo-par-defaut.png","datePublished":"2018-06-01T08:43:14+00:00","dateModified":"2026-04-27T08:01:42+00:00","breadcrumb":{"@id":"https:\/\/signal-fc.ch\/#breadcrumb"},"inLanguage":"fr-FR","potentialAction":[{"@type":"ReadAction","target":["https:\/\/signal-fc.ch\/"]}]},{"@type":"ImageObject","inLanguage":"fr-FR","@id":"https:\/\/signal-fc.ch\/#primaryimage","url":"https:\/\/signal-fc.ch\/wp-content\/uploads\/2019\/08\/logo-par-defaut.png","contentUrl":"https:\/\/signal-fc.ch\/wp-content\/uploads\/2019\/08\/logo-par-defaut.png","width":600,"height":400},{"@type":"BreadcrumbList","@id":"https:\/\/signal-fc.ch\/#breadcrumb","itemListElement":[{"@type":"ListItem","position":1,"name":"Accueil","item":"https:\/\/signal-fc.ch\/"},{"@type":"ListItem","position":2,"name":"ACCUEIL"}]},{"@type":"WebSite","@id":"https:\/\/signal-fc.ch\/#website","url":"https:\/\/signal-fc.ch\/","name":"Signal FC Bernex-Confignon","description":"\u00c9cole de Foot \u00e0 Bernex","publisher":{"@id":"https:\/\/signal-fc.ch\/#organization"},"potentialAction":[{"@type":"SearchAction","target":{"@type":"EntryPoint","urlTemplate":"https:\/\/signal-fc.ch\/?s={search_term_string}"},"query-input":{"@type":"PropertyValueSpecification","valueRequired":true,"valueName":"search_term_string"}}],"inLanguage":"fr-FR"},{"@type":"Organization","@id":"https:\/\/signal-fc.ch\/#organization","name":"Signal FC Bernex-Confignon","url":"https:\/\/signal-fc.ch\/","logo":{"@type":"ImageObject","inLanguage":"fr-FR","@id":"https:\/\/signal-fc.ch\/#\/schema\/logo\/image\/","url":"https:\/\/signal-fc.ch\/wp-content\/uploads\/2018\/06\/cropped-signal-fc-logo_h.png","contentUrl":"https:\/\/signal-fc.ch\/wp-content\/uploads\/2018\/06\/cropped-signal-fc-logo_h.png","width":512,"height":512,"caption":"Signal FC Bernex-Confignon"},"image":{"@id":"https:\/\/signal-fc.ch\/#\/schema\/logo\/image\/"},"sameAs":["https:\/\/www.facebook.com\/signalfc.ch"]}]}},"publishpress_future_action":{"enabled":false,"date":"2026-05-06 14:49:34","action":"change-status","newStatus":"draft","terms":[],"taxonomy":"","extraData":[]},"publishpress_future_workflow_manual_trigger":{"enabledWorkflows":[]},"_links":{"self":[{"href":"https:\/\/signal-fc.ch\/json\/wp\/v2\/pages\/27","targetHints":{"allow":["GET"]}}],"collection":[{"href":"https:\/\/signal-fc.ch\/json\/wp\/v2\/pages"}],"about":[{"href":"https:\/\/signal-fc.ch\/json\/wp\/v2\/types\/page"}],"author":[{"embeddable":true,"href":"https:\/\/signal-fc.ch\/json\/wp\/v2\/users\/1"}],"replies":[{"embeddable":true,"href":"https:\/\/signal-fc.ch\/json\/wp\/v2\/comments?post=27"}],"version-history":[{"count":11,"href":"https:\/\/signal-fc.ch\/json\/wp\/v2\/pages\/27\/revisions"}],"predecessor-version":[{"id":35040,"href":"https:\/\/signal-fc.ch\/json\/wp\/v2\/pages\/27\/revisions\/35040"}],"wp:featuredmedia":[{"embeddable":true,"href":"https:\/\/signal-fc.ch\/json\/wp\/v2\/media\/12655"}],"wp:attachment":[{"href":"https:\/\/signal-fc.ch\/json\/wp\/v2\/media?parent=27"}],"curies":[{"name":"wp","href":"https:\/\/api.w.org\/{rel}","templated":true}]}}