{"id":11,"date":"2018-06-01T10:39:25","date_gmt":"2018-06-01T08:39:25","guid":{"rendered":"http:\/\/signal-fc.ch\/?page_id=11"},"modified":"2026-04-06T12:16:39","modified_gmt":"2026-04-06T10:16:39","slug":"1ere-equipe","status":"publish","type":"page","link":"https:\/\/signal-fc.ch\/1ere-equipe\/","title":{"rendered":"1\u00c8RE EQUIPE"},"content":{"rendered":"\n\n\t\t<h2>\n\t\t\t1ERE \u00c9QUIPE\n\t\t<\/h2>\n\t\t\t\t\t\t\t\t\t<img decoding=\"async\" src=\"https:\/\/signal-fc.ch\/wp-content\/uploads\/2025\/04\/equipe_2_ligue_inter.jpg\" alt=\"equipe_2_ligue_inter\" itemprop=\"image\" height=\"960\" width=\"1442\" srcset=\"https:\/\/signal-fc.ch\/wp-content\/uploads\/2025\/04\/equipe_2_ligue_inter.jpg 1442w, https:\/\/signal-fc.ch\/wp-content\/uploads\/2025\/04\/equipe_2_ligue_inter-300x200.jpg 300w, https:\/\/signal-fc.ch\/wp-content\/uploads\/2025\/04\/equipe_2_ligue_inter-1024x682.jpg 1024w, https:\/\/signal-fc.ch\/wp-content\/uploads\/2025\/04\/equipe_2_ligue_inter-768x511.jpg 768w\" sizes=\"(max-width: 1442px) 100vw, 1442px\" title=\"equipe_2_ligue_inter\" onerror=\"this.style.display='none'\"  \/>\n\t\t<h2>\n\t\t\tSTAFF\n\t\t<\/h2>\n\t\t\t\t\t\t<h4>NIETO Daniel<\/h4>\t\t\t\t\t\n\t\t\t<p>Entra\u00eeneur 1\u00e8re \u00e9quipe<br \/>2e ligue interr\u00e9gionale<br \/>078.751.00.18<br \/><a href=\"mailto:nieto.daniel92@gmail.com\">nieto.daniel92@gmail.com<\/a><\/p>\t\t\n\t\t\t\t\t\t<h4>MACHADO Emmanuel<\/h4>\t\t\t\t\t\n\t\t\t<p>Assistant 1\u00e8re \u00e9quipe<br \/>2e ligue interr\u00e9gionale<br \/>076.438.78.66<br \/><a href=\"mailto:emanuelmachado@hotmail.ch\">emanuelmachado@hotmail.ch<\/a><\/p>\t\t\n\t\t\t\t\t\t<h4>PENAS David<\/h4>\t\t\t\t\t\n\t\t\t<p>Assistant 1\u00e8re \u00e9quipe<br \/>2e ligue interr\u00e9gionale<br \/>079.749.46.29<br \/><a href=\"mailto:david-77p@hotmail.com\">david-77p@hotmail.com<\/a><\/p>\t\t\n\t\t\t\t\t\t<h4>VAUCHER Alain<\/h4>\t\t\t\t\t\n\t\t\t<p>Intendant mat\u00e9riel 1\u00e9re \u00e9quipe<br \/>2e ligue interr\u00e9gionale<br \/>079 308.12.93<br \/><a href=\"mailto:av.signalfc@gmail.com\">av.signalfc@gmail.com<\/a><\/p>\t\t\n\t\t\t\t\t\t<h4>BEN ALLA Rachid<\/h4>\t\t\t\t\t\n\t\t\tPhysio soigneur 1er equipe<br \/>\n2e ligue interr\u00e9gionale\n\t\t\t\t\t\t<h4>Horaires d&rsquo;entra\u00eenements<\/h4>\t\t\t\t\t\n\t\t\t<p>mardi 19h00 \u00e0 20h30mercredi 19h00 \u00e0 20h30vendredi 19h00 \u00e0 20h15<\/p>\t\t\n\t\t<h2>\n\t\t\tGALERIE PHOTOS\n\t\t<\/h2>\n\t\t<h2>\n\t\t\tACTUALIT\u00c9S\n\t\t<\/h2>\n\n","protected":false},"excerpt":{"rendered":"<p>1ERE \u00c9QUIPE STAFF NIETO Daniel Entra\u00eeneur 1\u00e8re \u00e9quipe2e ligue interr\u00e9gionale078.751.00.18nieto.daniel92@gmail.com MACHADO Emmanuel Assistant 1\u00e8re \u00e9quipe2e ligue interr\u00e9gionale076.438.78.66emanuelmachado@hotmail.ch PENAS David Assistant 1\u00e8re \u00e9quipe2e ligue interr\u00e9gionale079.749.46.29david-77p@hotmail.com VAUCHER Alain Intendant mat\u00e9riel 1\u00e9re \u00e9quipe2e ligue interr\u00e9gionale079 308.12.93av.signalfc@gmail.com BEN ALLA Rachid Physio soigneur 1er equipe 2e ligue interr\u00e9gionale Horaires d&rsquo;entra\u00eenements mardi 19h00 \u00e0 20h30mercredi 19h00 \u00e0 20h30vendredi 19h00 \u00e0 20h15&hellip;<\/p>\n","protected":false},"author":1,"featured_media":34868,"parent":0,"menu_order":1,"comment_status":"closed","ping_status":"closed","template":"","meta":{"footnotes":""},"class_list":["post-11","page","type-page","status-publish","has-post-thumbnail","hentry"],"yoast_head":"<!-- This site is optimized with the Yoast SEO plugin v27.5 - https:\/\/yoast.com\/product\/yoast-seo-wordpress\/ -->\n<title>1\u00c8RE EQUIPE - Signal FC<\/title>\n<meta name=\"robots\" content=\"index, follow, max-snippet:-1, max-image-preview:large, max-video-preview:-1\" \/>\n<link rel=\"canonical\" href=\"https:\/\/signal-fc.ch\/1ere-equipe\/\" \/>\n<meta property=\"og:locale\" content=\"fr_FR\" \/>\n<meta property=\"og:type\" content=\"article\" \/>\n<meta property=\"og:title\" content=\"1\u00c8RE EQUIPE - Signal FC\" \/>\n<meta property=\"og:description\" content=\"1ERE \u00c9QUIPE STAFF NIETO Daniel Entra\u00eeneur 1\u00e8re \u00e9quipe2e ligue interr\u00e9gionale078.751.00.18nieto.daniel92@gmail.com MACHADO Emmanuel Assistant 1\u00e8re \u00e9quipe2e ligue interr\u00e9gionale076.438.78.66emanuelmachado@hotmail.ch PENAS David Assistant 1\u00e8re \u00e9quipe2e ligue interr\u00e9gionale079.749.46.29david-77p@hotmail.com VAUCHER Alain Intendant mat\u00e9riel 1\u00e9re \u00e9quipe2e ligue interr\u00e9gionale079 308.12.93av.signalfc@gmail.com BEN ALLA Rachid Physio soigneur 1er equipe 2e ligue interr\u00e9gionale Horaires d&rsquo;entra\u00eenements mardi 19h00 \u00e0 20h30mercredi 19h00 \u00e0 20h30vendredi 19h00 \u00e0 20h15&hellip;\" \/>\n<meta property=\"og:url\" content=\"https:\/\/signal-fc.ch\/1ere-equipe\/\" \/>\n<meta property=\"og:site_name\" content=\"Signal FC\" \/>\n<meta property=\"article:publisher\" content=\"https:\/\/www.facebook.com\/signalfc.ch\" \/>\n<meta property=\"article:modified_time\" content=\"2026-04-06T10:16:39+00:00\" \/>\n<meta property=\"og:image\" content=\"https:\/\/signal-fc.ch\/wp-content\/uploads\/2025\/11\/SIGNALFC_equipe1ere_2526_LEGENDE.jpg\" \/>\n\t<meta property=\"og:image:width\" content=\"1200\" \/>\n\t<meta property=\"og:image:height\" content=\"759\" \/>\n\t<meta property=\"og:image:type\" content=\"image\/jpeg\" \/>\n<meta name=\"twitter:card\" content=\"summary_large_image\" \/>\n<meta name=\"twitter:label1\" content=\"Dur\u00e9e de lecture estim\u00e9e\" \/>\n\t<meta name=\"twitter:data1\" content=\"4 minutes\" \/>\n<script type=\"application\/ld+json\" class=\"yoast-schema-graph\">{\"@context\":\"https:\\\/\\\/schema.org\",\"@graph\":[{\"@type\":\"WebPage\",\"@id\":\"https:\\\/\\\/signal-fc.ch\\\/1ere-equipe\\\/\",\"url\":\"https:\\\/\\\/signal-fc.ch\\\/1ere-equipe\\\/\",\"name\":\"1\u00c8RE EQUIPE - Signal FC\",\"isPartOf\":{\"@id\":\"https:\\\/\\\/signal-fc.ch\\\/#website\"},\"primaryImageOfPage\":{\"@id\":\"https:\\\/\\\/signal-fc.ch\\\/1ere-equipe\\\/#primaryimage\"},\"image\":{\"@id\":\"https:\\\/\\\/signal-fc.ch\\\/1ere-equipe\\\/#primaryimage\"},\"thumbnailUrl\":\"https:\\\/\\\/signal-fc.ch\\\/wp-content\\\/uploads\\\/2025\\\/11\\\/SIGNALFC_equipe1ere_2526_LEGENDE.jpg\",\"datePublished\":\"2018-06-01T08:39:25+00:00\",\"dateModified\":\"2026-04-06T10:16:39+00:00\",\"breadcrumb\":{\"@id\":\"https:\\\/\\\/signal-fc.ch\\\/1ere-equipe\\\/#breadcrumb\"},\"inLanguage\":\"fr-FR\",\"potentialAction\":[{\"@type\":\"ReadAction\",\"target\":[\"https:\\\/\\\/signal-fc.ch\\\/1ere-equipe\\\/\"]}]},{\"@type\":\"ImageObject\",\"inLanguage\":\"fr-FR\",\"@id\":\"https:\\\/\\\/signal-fc.ch\\\/1ere-equipe\\\/#primaryimage\",\"url\":\"https:\\\/\\\/signal-fc.ch\\\/wp-content\\\/uploads\\\/2025\\\/11\\\/SIGNALFC_equipe1ere_2526_LEGENDE.jpg\",\"contentUrl\":\"https:\\\/\\\/signal-fc.ch\\\/wp-content\\\/uploads\\\/2025\\\/11\\\/SIGNALFC_equipe1ere_2526_LEGENDE.jpg\",\"width\":1200,\"height\":759},{\"@type\":\"BreadcrumbList\",\"@id\":\"https:\\\/\\\/signal-fc.ch\\\/1ere-equipe\\\/#breadcrumb\",\"itemListElement\":[{\"@type\":\"ListItem\",\"position\":1,\"name\":\"Accueil\",\"item\":\"https:\\\/\\\/signal-fc.ch\\\/\"},{\"@type\":\"ListItem\",\"position\":2,\"name\":\"1\u00c8RE EQUIPE\"}]},{\"@type\":\"WebSite\",\"@id\":\"https:\\\/\\\/signal-fc.ch\\\/#website\",\"url\":\"https:\\\/\\\/signal-fc.ch\\\/\",\"name\":\"Signal FC Bernex-Confignon\",\"description\":\"\u00c9cole de Foot \u00e0 Bernex\",\"publisher\":{\"@id\":\"https:\\\/\\\/signal-fc.ch\\\/#organization\"},\"potentialAction\":[{\"@type\":\"SearchAction\",\"target\":{\"@type\":\"EntryPoint\",\"urlTemplate\":\"https:\\\/\\\/signal-fc.ch\\\/?s={search_term_string}\"},\"query-input\":{\"@type\":\"PropertyValueSpecification\",\"valueRequired\":true,\"valueName\":\"search_term_string\"}}],\"inLanguage\":\"fr-FR\"},{\"@type\":\"Organization\",\"@id\":\"https:\\\/\\\/signal-fc.ch\\\/#organization\",\"name\":\"Signal FC Bernex-Confignon\",\"url\":\"https:\\\/\\\/signal-fc.ch\\\/\",\"logo\":{\"@type\":\"ImageObject\",\"inLanguage\":\"fr-FR\",\"@id\":\"https:\\\/\\\/signal-fc.ch\\\/#\\\/schema\\\/logo\\\/image\\\/\",\"url\":\"https:\\\/\\\/signal-fc.ch\\\/wp-content\\\/uploads\\\/2018\\\/06\\\/cropped-signal-fc-logo_h.png\",\"contentUrl\":\"https:\\\/\\\/signal-fc.ch\\\/wp-content\\\/uploads\\\/2018\\\/06\\\/cropped-signal-fc-logo_h.png\",\"width\":512,\"height\":512,\"caption\":\"Signal FC Bernex-Confignon\"},\"image\":{\"@id\":\"https:\\\/\\\/signal-fc.ch\\\/#\\\/schema\\\/logo\\\/image\\\/\"},\"sameAs\":[\"https:\\\/\\\/www.facebook.com\\\/signalfc.ch\"]}]}<\/script>\n<!-- \/ Yoast SEO plugin. -->","yoast_head_json":{"title":"1\u00c8RE EQUIPE - Signal FC","robots":{"index":"index","follow":"follow","max-snippet":"max-snippet:-1","max-image-preview":"max-image-preview:large","max-video-preview":"max-video-preview:-1"},"canonical":"https:\/\/signal-fc.ch\/1ere-equipe\/","og_locale":"fr_FR","og_type":"article","og_title":"1\u00c8RE EQUIPE - Signal FC","og_description":"1ERE \u00c9QUIPE STAFF NIETO Daniel Entra\u00eeneur 1\u00e8re \u00e9quipe2e ligue interr\u00e9gionale078.751.00.18nieto.daniel92@gmail.com MACHADO Emmanuel Assistant 1\u00e8re \u00e9quipe2e ligue interr\u00e9gionale076.438.78.66emanuelmachado@hotmail.ch PENAS David Assistant 1\u00e8re \u00e9quipe2e ligue interr\u00e9gionale079.749.46.29david-77p@hotmail.com VAUCHER Alain Intendant mat\u00e9riel 1\u00e9re \u00e9quipe2e ligue interr\u00e9gionale079 308.12.93av.signalfc@gmail.com BEN ALLA Rachid Physio soigneur 1er equipe 2e ligue interr\u00e9gionale Horaires d&rsquo;entra\u00eenements mardi 19h00 \u00e0 20h30mercredi 19h00 \u00e0 20h30vendredi 19h00 \u00e0 20h15&hellip;","og_url":"https:\/\/signal-fc.ch\/1ere-equipe\/","og_site_name":"Signal FC","article_publisher":"https:\/\/www.facebook.com\/signalfc.ch","article_modified_time":"2026-04-06T10:16:39+00:00","og_image":[{"width":1200,"height":759,"url":"https:\/\/signal-fc.ch\/wp-content\/uploads\/2025\/11\/SIGNALFC_equipe1ere_2526_LEGENDE.jpg","type":"image\/jpeg"}],"twitter_card":"summary_large_image","twitter_misc":{"Dur\u00e9e de lecture estim\u00e9e":"4 minutes"},"schema":{"@context":"https:\/\/schema.org","@graph":[{"@type":"WebPage","@id":"https:\/\/signal-fc.ch\/1ere-equipe\/","url":"https:\/\/signal-fc.ch\/1ere-equipe\/","name":"1\u00c8RE EQUIPE - Signal FC","isPartOf":{"@id":"https:\/\/signal-fc.ch\/#website"},"primaryImageOfPage":{"@id":"https:\/\/signal-fc.ch\/1ere-equipe\/#primaryimage"},"image":{"@id":"https:\/\/signal-fc.ch\/1ere-equipe\/#primaryimage"},"thumbnailUrl":"https:\/\/signal-fc.ch\/wp-content\/uploads\/2025\/11\/SIGNALFC_equipe1ere_2526_LEGENDE.jpg","datePublished":"2018-06-01T08:39:25+00:00","dateModified":"2026-04-06T10:16:39+00:00","breadcrumb":{"@id":"https:\/\/signal-fc.ch\/1ere-equipe\/#breadcrumb"},"inLanguage":"fr-FR","potentialAction":[{"@type":"ReadAction","target":["https:\/\/signal-fc.ch\/1ere-equipe\/"]}]},{"@type":"ImageObject","inLanguage":"fr-FR","@id":"https:\/\/signal-fc.ch\/1ere-equipe\/#primaryimage","url":"https:\/\/signal-fc.ch\/wp-content\/uploads\/2025\/11\/SIGNALFC_equipe1ere_2526_LEGENDE.jpg","contentUrl":"https:\/\/signal-fc.ch\/wp-content\/uploads\/2025\/11\/SIGNALFC_equipe1ere_2526_LEGENDE.jpg","width":1200,"height":759},{"@type":"BreadcrumbList","@id":"https:\/\/signal-fc.ch\/1ere-equipe\/#breadcrumb","itemListElement":[{"@type":"ListItem","position":1,"name":"Accueil","item":"https:\/\/signal-fc.ch\/"},{"@type":"ListItem","position":2,"name":"1\u00c8RE EQUIPE"}]},{"@type":"WebSite","@id":"https:\/\/signal-fc.ch\/#website","url":"https:\/\/signal-fc.ch\/","name":"Signal FC Bernex-Confignon","description":"\u00c9cole de Foot \u00e0 Bernex","publisher":{"@id":"https:\/\/signal-fc.ch\/#organization"},"potentialAction":[{"@type":"SearchAction","target":{"@type":"EntryPoint","urlTemplate":"https:\/\/signal-fc.ch\/?s={search_term_string}"},"query-input":{"@type":"PropertyValueSpecification","valueRequired":true,"valueName":"search_term_string"}}],"inLanguage":"fr-FR"},{"@type":"Organization","@id":"https:\/\/signal-fc.ch\/#organization","name":"Signal FC Bernex-Confignon","url":"https:\/\/signal-fc.ch\/","logo":{"@type":"ImageObject","inLanguage":"fr-FR","@id":"https:\/\/signal-fc.ch\/#\/schema\/logo\/image\/","url":"https:\/\/signal-fc.ch\/wp-content\/uploads\/2018\/06\/cropped-signal-fc-logo_h.png","contentUrl":"https:\/\/signal-fc.ch\/wp-content\/uploads\/2018\/06\/cropped-signal-fc-logo_h.png","width":512,"height":512,"caption":"Signal FC Bernex-Confignon"},"image":{"@id":"https:\/\/signal-fc.ch\/#\/schema\/logo\/image\/"},"sameAs":["https:\/\/www.facebook.com\/signalfc.ch"]}]}},"publishpress_future_action":{"enabled":false,"date":"2026-05-07 17:58:14","action":"change-status","newStatus":"draft","terms":[],"taxonomy":"","extraData":[]},"publishpress_future_workflow_manual_trigger":{"enabledWorkflows":[]},"_links":{"self":[{"href":"https:\/\/signal-fc.ch\/json\/wp\/v2\/pages\/11","targetHints":{"allow":["GET"]}}],"collection":[{"href":"https:\/\/signal-fc.ch\/json\/wp\/v2\/pages"}],"about":[{"href":"https:\/\/signal-fc.ch\/json\/wp\/v2\/types\/page"}],"author":[{"embeddable":true,"href":"https:\/\/signal-fc.ch\/json\/wp\/v2\/users\/1"}],"replies":[{"embeddable":true,"href":"https:\/\/signal-fc.ch\/json\/wp\/v2\/comments?post=11"}],"version-history":[{"count":2,"href":"https:\/\/signal-fc.ch\/json\/wp\/v2\/pages\/11\/revisions"}],"predecessor-version":[{"id":35034,"href":"https:\/\/signal-fc.ch\/json\/wp\/v2\/pages\/11\/revisions\/35034"}],"wp:featuredmedia":[{"embeddable":true,"href":"https:\/\/signal-fc.ch\/json\/wp\/v2\/media\/34868"}],"wp:attachment":[{"href":"https:\/\/signal-fc.ch\/json\/wp\/v2\/media?parent=11"}],"curies":[{"name":"wp","href":"https:\/\/api.w.org\/{rel}","templated":true}]}}